{"id":65,"date":"2015-06-01T13:04:00","date_gmt":"2015-06-01T10:04:00","guid":{"rendered":"http:\/\/www.villemipubid.ee\/bayern\/?page_id=65"},"modified":"2025-03-09T12:40:51","modified_gmt":"2025-03-09T10:40:51","slug":"ajalugu","status":"publish","type":"page","link":"https:\/\/www.villemipubid.ee\/bayern\/ajalugu\/","title":{"rendered":"Ajalugu"},"content":{"rendered":"<h2>Teretulemast M\u00fcnchneri \u00f5llesaali!<\/h2>\n<p>Et pakkuda eestlastele maailma \u00fchte vanemat ja traditsioonilisemat \u00f5llekultuuri, t\u00e4iendas Vana Villemi K\u00f5rtsid oma ketti uue l\u00fcliga, avades Tallinnas Suur Karja 18 uue \u00f5llesaali. Ruum on \u00f5llesaaliks justkui loodud, ebastandardsete m\u00f5\u00f5tudega ja keskaegsete v\u00f5lvidega kelder meenutab just M\u00fcncheni \u00f5llesaale.<\/p>\n<p>See 150 kohaline pubi t\u00fc\u00fcpi \u00f5llerestoran j\u00e4\u00e4b suuruselt alla M\u00fcncheni kuulsatele (Hofbr\u00e4uhaus, Augustiner Keller, jne\u2026) \u00f5llesaalidele, kuid sulab optimaalselt Tallinna vanalinna konkurentsi.<br \/>\nM\u00fcnchneri \u00f5llevalik on koostatud Bayerimaa populaarsematest \u00f5ludest, mille k\u00f5rvale lisatud ka teisi populaarseid \u00f5llebr\u00e4nde nii kodumaalt kui v\u00e4ljaspoolt.<\/p>\n<p>Kehakinnituseks pakub M\u00fcnchner oma k\u00fclalistele suupisteid, mida v\u00f5ib leida ka M\u00fcncheni \u00f5llesaalide men\u00fc\u00fcst. Arvestatud on eestlaste maitse eelistusi ja soove ning mida on t\u00e4iendatud Vana Villemi K\u00f5rtside aastate pikkuse kogemuse p\u00f5hjal.<\/p>\n<h2>Aastal 1995\u00a0alustatud tegevus koondab t\u00e4naseks \u00fchtsesse ketti j\u00e4rgmised pubid:<\/h2>\n<ul>\n<li>Vana Villemi Pubi\u00a0(Tallinn)<\/li>\n<li>The Dubliner\u00a0(Tallinn)<\/li>\n<li>M\u00fcnchner (Tallinn)<\/li>\n<li>Sweet Rosie\u00a0(P\u00e4rnu)<\/li>\n<li>C.F Hahni\u00a0Pubi (P\u00e4rnu)<\/li>\n<li>Scottish House (Keila)<\/li>\n<li>M\u00f6nus Villem Pubi (Kuressaare)<\/li>\n<\/ul>\n","protected":false},"excerpt":{"rendered":"<p>Teretulemast M\u00fcnchneri \u00f5llesaali! Et pakkuda eestlastele maailma \u00fchte vanemat ja traditsioonilisemat \u00f5llekultuuri, t\u00e4iendas Vana Villemi K\u00f5rtsid oma ketti uue l\u00fcliga, avades Tallinnas Suur Karja 18 uue \u00f5llesaali. Ruum on \u00f5llesaaliks justkui loodud, ebastandardsete m\u00f5\u00f5tudega ja keskaegsete v\u00f5lvidega kelder meenutab just &#8230;<\/p>\n","protected":false},"author":1,"featured_media":1254,"parent":0,"menu_order":1,"comment_status":"closed","ping_status":"closed","template":"","meta":[],"yoast_head":"<!-- This site is optimized with the Yoast SEO plugin v18.3 - https:\/\/yoast.com\/wordpress\/plugins\/seo\/ -->\n<title>Ajalugu - M\u00fcnchner<\/title>\n<meta name=\"robots\" content=\"index, follow, max-snippet:-1, max-image-preview:large, max-video-preview:-1\" \/>\n<link rel=\"canonical\" href=\"https:\/\/www.villemipubid.ee\/bayern\/ajalugu\/\" \/>\n<meta property=\"og:locale\" content=\"et_EE\" \/>\n<meta property=\"og:type\" content=\"article\" \/>\n<meta property=\"og:title\" content=\"Ajalugu - M\u00fcnchner\" \/>\n<meta property=\"og:description\" content=\"Teretulemast M\u00fcnchneri \u00f5llesaali! Et pakkuda eestlastele maailma \u00fchte vanemat ja traditsioonilisemat \u00f5llekultuuri, t\u00e4iendas Vana Villemi K\u00f5rtsid oma ketti uue l\u00fcliga, avades Tallinnas Suur Karja 18 uue \u00f5llesaali. Ruum on \u00f5llesaaliks justkui loodud, ebastandardsete m\u00f5\u00f5tudega ja keskaegsete v\u00f5lvidega kelder meenutab just ...\" \/>\n<meta property=\"og:url\" content=\"https:\/\/www.villemipubid.ee\/bayern\/ajalugu\/\" \/>\n<meta property=\"og:site_name\" content=\"M\u00fcnchner\" \/>\n<meta property=\"article:modified_time\" content=\"2025-03-09T10:40:51+00:00\" \/>\n<meta property=\"og:image\" content=\"http:\/\/www.villemipubid.ee\/bayern\/wp-content\/uploads\/sites\/5\/2024\/03\/bayren_.jpg\" \/>\n\t<meta property=\"og:image:width\" content=\"1600\" \/>\n\t<meta property=\"og:image:height\" content=\"936\" \/>\n\t<meta property=\"og:image:type\" content=\"image\/jpeg\" \/>\n<meta name=\"twitter:card\" content=\"summary\" \/>\n<meta name=\"twitter:label1\" content=\"Est. reading time\" \/>\n\t<meta name=\"twitter:data1\" content=\"1 minut\" \/>\n<script type=\"application\/ld+json\" class=\"yoast-schema-graph\">{\"@context\":\"https:\/\/schema.org\",\"@graph\":[{\"@type\":\"WebSite\",\"@id\":\"https:\/\/www.villemipubid.ee\/bayern\/#website\",\"url\":\"https:\/\/www.villemipubid.ee\/bayern\/\",\"name\":\"M\u00fcnchner\",\"description\":\"J\u00e4rjekordne Vana Villem veebileht\",\"potentialAction\":[{\"@type\":\"SearchAction\",\"target\":{\"@type\":\"EntryPoint\",\"urlTemplate\":\"https:\/\/www.villemipubid.ee\/bayern\/?s={search_term_string}\"},\"query-input\":\"required name=search_term_string\"}],\"inLanguage\":\"et\"},{\"@type\":\"ImageObject\",\"@id\":\"https:\/\/www.villemipubid.ee\/bayern\/ajalugu\/#primaryimage\",\"inLanguage\":\"et\",\"url\":\"https:\/\/www.villemipubid.ee\/bayern\/wp-content\/uploads\/sites\/5\/2024\/03\/bayren_.jpg\",\"contentUrl\":\"https:\/\/www.villemipubid.ee\/bayern\/wp-content\/uploads\/sites\/5\/2024\/03\/bayren_.jpg\",\"width\":1600,\"height\":936},{\"@type\":\"WebPage\",\"@id\":\"https:\/\/www.villemipubid.ee\/bayern\/ajalugu\/#webpage\",\"url\":\"https:\/\/www.villemipubid.ee\/bayern\/ajalugu\/\",\"name\":\"Ajalugu - M\u00fcnchner\",\"isPartOf\":{\"@id\":\"https:\/\/www.villemipubid.ee\/bayern\/#website\"},\"primaryImageOfPage\":{\"@id\":\"https:\/\/www.villemipubid.ee\/bayern\/ajalugu\/#primaryimage\"},\"datePublished\":\"2015-06-01T10:04:00+00:00\",\"dateModified\":\"2025-03-09T10:40:51+00:00\",\"breadcrumb\":{\"@id\":\"https:\/\/www.villemipubid.ee\/bayern\/ajalugu\/#breadcrumb\"},\"inLanguage\":\"et\",\"potentialAction\":[{\"@type\":\"ReadAction\",\"target\":[\"https:\/\/www.villemipubid.ee\/bayern\/ajalugu\/\"]}]},{\"@type\":\"BreadcrumbList\",\"@id\":\"https:\/\/www.villemipubid.ee\/bayern\/ajalugu\/#breadcrumb\",\"itemListElement\":[{\"@type\":\"ListItem\",\"position\":1,\"name\":\"Home\",\"item\":\"https:\/\/www.villemipubid.ee\/bayern\/\"},{\"@type\":\"ListItem\",\"position\":2,\"name\":\"Ajalugu\"}]}]}<\/script>\n<!-- \/ Yoast SEO plugin. -->","yoast_head_json":{"title":"Ajalugu - M\u00fcnchner","robots":{"index":"index","follow":"follow","max-snippet":"max-snippet:-1","max-image-preview":"max-image-preview:large","max-video-preview":"max-video-preview:-1"},"canonical":"https:\/\/www.villemipubid.ee\/bayern\/ajalugu\/","og_locale":"et_EE","og_type":"article","og_title":"Ajalugu - M\u00fcnchner","og_description":"Teretulemast M\u00fcnchneri \u00f5llesaali! Et pakkuda eestlastele maailma \u00fchte vanemat ja traditsioonilisemat \u00f5llekultuuri, t\u00e4iendas Vana Villemi K\u00f5rtsid oma ketti uue l\u00fcliga, avades Tallinnas Suur Karja 18 uue \u00f5llesaali. Ruum on \u00f5llesaaliks justkui loodud, ebastandardsete m\u00f5\u00f5tudega ja keskaegsete v\u00f5lvidega kelder meenutab just ...","og_url":"https:\/\/www.villemipubid.ee\/bayern\/ajalugu\/","og_site_name":"M\u00fcnchner","article_modified_time":"2025-03-09T10:40:51+00:00","og_image":[{"width":1600,"height":936,"url":"http:\/\/www.villemipubid.ee\/bayern\/wp-content\/uploads\/sites\/5\/2024\/03\/bayren_.jpg","type":"image\/jpeg"}],"twitter_card":"summary","twitter_misc":{"Est. reading time":"1 minut"},"schema":{"@context":"https:\/\/schema.org","@graph":[{"@type":"WebSite","@id":"https:\/\/www.villemipubid.ee\/bayern\/#website","url":"https:\/\/www.villemipubid.ee\/bayern\/","name":"M\u00fcnchner","description":"J\u00e4rjekordne Vana Villem veebileht","potentialAction":[{"@type":"SearchAction","target":{"@type":"EntryPoint","urlTemplate":"https:\/\/www.villemipubid.ee\/bayern\/?s={search_term_string}"},"query-input":"required name=search_term_string"}],"inLanguage":"et"},{"@type":"ImageObject","@id":"https:\/\/www.villemipubid.ee\/bayern\/ajalugu\/#primaryimage","inLanguage":"et","url":"https:\/\/www.villemipubid.ee\/bayern\/wp-content\/uploads\/sites\/5\/2024\/03\/bayren_.jpg","contentUrl":"https:\/\/www.villemipubid.ee\/bayern\/wp-content\/uploads\/sites\/5\/2024\/03\/bayren_.jpg","width":1600,"height":936},{"@type":"WebPage","@id":"https:\/\/www.villemipubid.ee\/bayern\/ajalugu\/#webpage","url":"https:\/\/www.villemipubid.ee\/bayern\/ajalugu\/","name":"Ajalugu - M\u00fcnchner","isPartOf":{"@id":"https:\/\/www.villemipubid.ee\/bayern\/#website"},"primaryImageOfPage":{"@id":"https:\/\/www.villemipubid.ee\/bayern\/ajalugu\/#primaryimage"},"datePublished":"2015-06-01T10:04:00+00:00","dateModified":"2025-03-09T10:40:51+00:00","breadcrumb":{"@id":"https:\/\/www.villemipubid.ee\/bayern\/ajalugu\/#breadcrumb"},"inLanguage":"et","potentialAction":[{"@type":"ReadAction","target":["https:\/\/www.villemipubid.ee\/bayern\/ajalugu\/"]}]},{"@type":"BreadcrumbList","@id":"https:\/\/www.villemipubid.ee\/bayern\/ajalugu\/#breadcrumb","itemListElement":[{"@type":"ListItem","position":1,"name":"Home","item":"https:\/\/www.villemipubid.ee\/bayern\/"},{"@type":"ListItem","position":2,"name":"Ajalugu"}]}]}},"_links":{"self":[{"href":"https:\/\/www.villemipubid.ee\/bayern\/wp-json\/wp\/v2\/pages\/65"}],"collection":[{"href":"https:\/\/www.villemipubid.ee\/bayern\/wp-json\/wp\/v2\/pages"}],"about":[{"href":"https:\/\/www.villemipubid.ee\/bayern\/wp-json\/wp\/v2\/types\/page"}],"author":[{"embeddable":true,"href":"https:\/\/www.villemipubid.ee\/bayern\/wp-json\/wp\/v2\/users\/1"}],"replies":[{"embeddable":true,"href":"https:\/\/www.villemipubid.ee\/bayern\/wp-json\/wp\/v2\/comments?post=65"}],"version-history":[{"count":9,"href":"https:\/\/www.villemipubid.ee\/bayern\/wp-json\/wp\/v2\/pages\/65\/revisions"}],"predecessor-version":[{"id":1349,"href":"https:\/\/www.villemipubid.ee\/bayern\/wp-json\/wp\/v2\/pages\/65\/revisions\/1349"}],"wp:featuredmedia":[{"embeddable":true,"href":"https:\/\/www.villemipubid.ee\/bayern\/wp-json\/wp\/v2\/media\/1254"}],"wp:attachment":[{"href":"https:\/\/www.villemipubid.ee\/bayern\/wp-json\/wp\/v2\/media?parent=65"}],"curies":[{"name":"wp","href":"https:\/\/api.w.org\/{rel}","templated":true}]}}